{"id":5296,"date":"2024-05-09T11:02:08","date_gmt":"2024-05-09T09:02:08","guid":{"rendered":"https:\/\/recognitionrewardsmagazine.nl\/cultuurbarometer\/?page_id=5296"},"modified":"2024-06-17T21:00:21","modified_gmt":"2024-06-17T19:00:21","slug":"we-komen-alleen-verder-met-kraakheldere-criteria-lies-wesseling","status":"publish","type":"page","link":"https:\/\/recognitionrewardsmagazine.nl\/cultuurbarometer\/we-komen-alleen-verder-met-kraakheldere-criteria-lies-wesseling\/","title":{"rendered":"\u201cWe komen alleen verder met kraak&shy;heldere criteria\u201d &#8211; Lies Wesseling"},"content":{"rendered":"\t\t<div data-elementor-type=\"wp-page\" data-elementor-id=\"5296\" class=\"elementor elementor-5296\" data-elementor-post-type=\"page\">\n\t\t\t\t\t\t<section class=\"elementor-section elementor-top-section elementor-element elementor-element-63aecb2 elementor-section-boxed elementor-section-height-default elementor-section-height-default\" data-id=\"63aecb2\" data-element_type=\"section\" data-e-type=\"section\" data-settings=\"{&quot;background_background&quot;:&quot;classic&quot;}\">\n\t\t\t\t\t\t<div class=\"elementor-container elementor-column-gap-default\">\n\t\t\t\t\t<div class=\"elementor-column elementor-col-100 elementor-top-column elementor-element elementor-element-75409e8\" data-id=\"75409e8\" data-element_type=\"column\" data-e-type=\"column\">\n\t\t\t<div class=\"elementor-widget-wrap elementor-element-populated\">\n\t\t\t\t\t\t<div class=\"elementor-element elementor-element-6aab98f elementor-widget elementor-widget-spacer\" data-id=\"6aab98f\" data-element_type=\"widget\" data-e-type=\"widget\" data-widget_type=\"spacer.default\">\n\t\t\t\t<div class=\"elementor-widget-container\">\n\t\t\t\t\t\t\t<div class=\"elementor-spacer\">\n\t\t\t<div class=\"elementor-spacer-inner\"><\/div>\n\t\t<\/div>\n\t\t\t\t\t\t<\/div>\n\t\t\t\t<\/div>\n\t\t\t\t\t<\/div>\n\t\t<\/div>\n\t\t\t\t\t<\/div>\n\t\t<\/section>\n\t\t\t\t<section class=\"elementor-section elementor-top-section elementor-element elementor-element-8903c66 elementor-section-boxed elementor-section-height-default elementor-section-height-default\" data-id=\"8903c66\" data-element_type=\"section\" data-e-type=\"section\">\n\t\t\t\t\t\t<div class=\"elementor-container elementor-column-gap-default\">\n\t\t\t\t\t<div class=\"elementor-column elementor-col-100 elementor-top-column elementor-element elementor-element-671e078\" data-id=\"671e078\" data-element_type=\"column\" data-e-type=\"column\" data-settings=\"{&quot;background_background&quot;:&quot;classic&quot;}\">\n\t\t\t<div class=\"elementor-widget-wrap elementor-element-populated\">\n\t\t\t\t\t\t<div class=\"elementor-element elementor-element-2f57a5f elementor-icon-list--layout-traditional elementor-list-item-link-full_width elementor-widget elementor-widget-icon-list\" data-id=\"2f57a5f\" data-element_type=\"widget\" data-e-type=\"widget\" data-widget_type=\"icon-list.default\">\n\t\t\t\t<div class=\"elementor-widget-container\">\n\t\t\t\t\t\t\t<ul class=\"elementor-icon-list-items\">\n\t\t\t\t\t\t\t<li class=\"elementor-icon-list-item\">\n\t\t\t\t\t\t\t\t\t\t\t<span class=\"elementor-icon-list-icon\">\n\t\t\t\t\t\t\t<i aria-hidden=\"true\" class=\"fas fa-greater-than\"><\/i>\t\t\t\t\t\t<\/span>\n\t\t\t\t\t\t\t\t\t\t<span class=\"elementor-icon-list-text\">Lies Wesseling maakt zich zorgen over Erkennen &amp; Waarderen als vat vol ambivalenties:<\/span>\n\t\t\t\t\t\t\t\t\t<\/li>\n\t\t\t\t\t\t<\/ul>\n\t\t\t\t\t\t<\/div>\n\t\t\t\t<\/div>\n\t\t\t\t<div class=\"elementor-element elementor-element-c181e4f elementor-widget elementor-widget-heading\" data-id=\"c181e4f\" data-element_type=\"widget\" data-e-type=\"widget\" data-widget_type=\"heading.default\">\n\t\t\t\t<div class=\"elementor-widget-container\">\n\t\t\t\t\t<h1 class=\"elementor-heading-title elementor-size-default\">\u201cWe komen alleen verder met kraakheldere criteria\u201d\n<\/h1>\t\t\t\t<\/div>\n\t\t\t\t<\/div>\n\t\t\t\t<div class=\"elementor-element elementor-element-342f109 dw-linken elementor-widget elementor-widget-text-editor\" data-id=\"342f109\" data-element_type=\"widget\" data-e-type=\"widget\" data-widget_type=\"text-editor.default\">\n\t\t\t\t<div class=\"elementor-widget-container\">\n\t\t\t\t\t\t\t\t\t<h3><img fetchpriority=\"high\" decoding=\"async\" class=\"foto-rechts alignright wp-image-6087\" src=\"https:\/\/recognitionrewardsmagazine.nl\/cultuurbarometer\/wp-content\/uploads\/2024\/06\/Lies-Wesseling-1.jpg\" alt=\"\" width=\"300\" height=\"322\" \/>Wat hoogleraar Lies Wesseling van de Universiteit Maastricht betreft, bevat Erkennen &amp; Waarderen te veel complexe elementen. Ze vreest dat sleutelen aan bevorderingscriteria ruimte geeft voor <em>bias<\/em> en dat de kloof tussen onderwijs en onderzoek verder zal groeien. Haar advies: \u201cStel jezelf de kernvragen, licht het programma daarop door.\u201d\u00a0<\/h3><h4><em>In aanloop naar dit interview waarschuwde je dat je beperkt op de universiteit bent, vanwege een transitie naar een ander beroep. Gaat het om iets dat aansluit op het hoogleraarschap?<\/em><\/h4><p>\u201cIk ben een oudere werknemer, ik ben met mijn 65 jaar aan het einde van mijn loopbaan als hoogleraar Culturele Herinnering, Gender en Diversiteit. Ik vind het prima om mij terug te trekken uit de universiteit, maar niet uit de samenleving. Ik ben in transitie naar een biologische tuinderij. Dat heeft alles te maken met gevoelens van urgentie over de klimaatproblematiek. Ik blijf werken, niet aan de universiteit. Ik wil niet zo\u2019n consumerende pensionado worden die de hele wereld rondvliegt en zich dagelijks afvraagt: op welke plek ga ik mij nu eens laten kietelen? Dat consumentistische van het pensioen, dat vind ik een beetje een nachtmerrie. Het feit dat ik een oudere werknemer ben, kleurt denk ik ook mijn perspectief op Erkennen &amp; Waarderen.\u201d<\/p><h4><em>Wat dacht je toen je voor het eerst over Erkennen &amp; Waarderen hoorde?<\/em><\/h4><p>\u201cWat een ingewikkeld gedoe. Ik ben vanaf 1991 werkzaam in het vakgebied genderstudies. Destijds stond het er met de vertegenwoordiging van vrouwen in hogere wetenschappelijke functies zeer beroerd voor. Een deel van mijn tijd heb ik besteed aan pogingen om die positie te verbeteren, door naar evenredige vertegenwoordiging te streven. Proefondervindelijk bleek het voor mij de beste strategie te zijn om te streven naar kraak,- kraakheldere promotiecriteria. En om vervolgens monitoringsprocedures te bepleiten die de toepassing van die criteria enigszins kunnen waarborgen. Helemaal lukt dat nooit; het is wel de strategie die ik altijd heb gevolgd. Ik werd onder meer ge\u00efnspireerd door het Max Planck-Instituut voor psycholingu\u00efstiek in Nijmegen. Toen ik actief was op dit gebied was Pim Levelt de directeur. Hij was zeer helder en keihard. Hij had geen feministische agenda, hij was helder en rechtlijnig. Hij paste hun kraakheldere bevorderingscriteria \u00e9cht toe. Met als gevolg dat hij op dat moment het hoogste aantal vrouwelijke werknemers had van alle universitaire instellingen en para-universitaire instituten. <\/p><p>\t\t<div data-elementor-type=\"section\" data-elementor-id=\"5914\" class=\"elementor elementor-5914\" data-elementor-post-type=\"elementor_library\">\n\t\t\t\t\t<section class=\"elementor-section elementor-top-section elementor-element elementor-element-5a6cb309 quote-rechts elementor-section-boxed elementor-section-height-default elementor-section-height-default\" data-id=\"5a6cb309\" data-element_type=\"section\" data-e-type=\"section\">\n\t\t\t\t\t\t<div class=\"elementor-container elementor-column-gap-default\">\n\t\t\t\t\t<div class=\"elementor-column elementor-col-100 elementor-top-column elementor-element elementor-element-1d2e0e70\" data-id=\"1d2e0e70\" data-element_type=\"column\" data-e-type=\"column\" data-settings=\"{&quot;background_background&quot;:&quot;classic&quot;}\">\n\t\t\t<div class=\"elementor-widget-wrap elementor-element-populated\">\n\t\t\t\t\t\t<div class=\"elementor-element elementor-element-18b8ff7 elementor-widget elementor-widget-text-editor\" data-id=\"18b8ff7\" data-element_type=\"widget\" data-e-type=\"widget\" data-widget_type=\"text-editor.default\">\n\t\t\t\t<div class=\"elementor-widget-container\">\n\t\t\t\t\t\t\t\t\t<h6><em>\u201cEmoties kunnen behoorlijk hoog oplopen als je het over de bevorde\u00adring van je eigen collega\u2019s hebt.\u201d<\/em><\/h6>\t\t\t\t\t\t\t\t<\/div>\n\t\t\t\t<\/div>\n\t\t\t\t\t<\/div>\n\t\t<\/div>\n\t\t\t\t\t<\/div>\n\t\t<\/section>\n\t\t\t\t<\/div>\n\t\tDat gaf mij te denken. Ik heb ontelbare keren in benoemingscommissies gezeten, ook omdat ik het langste deel van mijn carri\u00e8re heb doorgebracht aan een explosief groeiende instelling. In de commissie die het faculteitsbestuur adviseerde over interne bevordering hadden we na veel gesleutel relatief heldere criteria geformuleerd en die verbeterden we elk jaar opnieuw. Dat was een hele kluif. Emoties kunnen behoorlijk hoog oplopen als je het over de bevordering van je eigen collega\u2019s hebt. In selectiecommissies voor nieuwe collega\u2019s viel mij op dat, als het over hoogleraarsbenoemingen ging, men vaak hele vage dingen in stelling bracht om vrouwelijke kandidaten te weren. Het vaakst hoorde ik: \u2018ik zie geen leider in haar\u2019. Door de mazen van het net van ambivalente promotiecriteria konden de <em>old boys networks<\/em> hun werk doen. Ik zeg het even heel simpel. Ik ben altijd tegen positieve discriminatie geweest. Discriminatie is nooit positief. Als we zo helder mogelijke criteria formuleren, bereid zijn om die toe te passen en die toepassing monitoren, volgt de rest vanzelf.\u201d<\/p><h4><em>Kan je een voorbeeld geven van een helder criterium?<\/em><\/h4><p>\u201cNu kom ik bij een moeilijk punt. Een helder criterium is de eis die je kunt stellen aan de output van een persoon. Of de <em>positive evidence<\/em> van je kwaliteit als docent. Dat soort zaken. Soms kan aantoonbaar succes met de werving van onderzoeksgelden ook een helder criterium zijn.\u201d<\/p><h4><em>Criteria waar binnen Erkennen &amp; Waarderen aan wordt gesleuteld.<\/em><\/h4><p>\u201cDat is precies mijn zorg met betrekking tot Erkennen &amp; Waarderen. Naar mijn idee wordt met Erkennen &amp; Waarderen vaagheid, meerduidigheid en ambivalentie naar binnen gesmokkeld. Er ontstaan nu tal van criteria waarop je mensen kunt benoemen en bevorderen. Ik ben bang dat in die vaagheid allerlei vormen van <em>bias<\/em> een rol gaan spelen. Naar mijn idee is de meest effectieve manier om een <em>bias<\/em> uit te schakelen: klip en klaar zijn over wat je wil en dat serieus te nemen. Het is een empirisch feit dat er ruimte voor <em>bias<\/em> ontstaat zodra dingen ambigue zijn. Gender<em>bias<\/em>, racisme, seksisme noem maar op. Waar de universiteit nu ook al last van heeft.\u201d<\/p><h4><em>Erken je dat er iets moet veranderen?<\/em><\/h4><p>\u201cWat ik heel onwenselijk vind &#8211; en daarmee nuanceer ik hopelijk het voorgaande -; in mijn contract als hoogleraar stond een bedrag in euro\u2019s. Dit bedrag werd ik geacht gemiddeld binnen te halen per jaar. Dat voldoet volledig aan mijn pleidooi voor helderheid, alleen in dit specifieke geval vind ik dat niet goed. De gigantische druk die lange tijd op ons is uitgeoefend om geld binnen te halen\u2026 En allerlei uitdrukkingen die daar omheen werden gedrapeerd in de trant van \u2018je moet jezelf terugverdienen\u2019. Alsof we \u00e9\u00e9n of andere commerci\u00eble onderneming zijn. Ook heb ik een groot probleem met de bewieroking van wetenschappers die succesvol geld binnenbrengen. Alles draaide de afgelopen decennia om de diva\u2019s die grote zakken met onderzoeksgeld inbrachten. Dat vind ik zeer onwenselijk. Naarmate NWO meer zeggenschap kreeg over de te verdelen onderzoeksgelden, is er in toenemende mate een schisma ontstaan tussen degenen die doceren en diegenen die voornamelijk onderzoek doen. Dat betreur ik evenzeer. Dat hele gedoe met de gang langs NWO heeft volgens mij overwegend negatieve gevolgen gehad. Daarom doe ik er tegenwoordig niet meer aan mee. Ooit zag ik er juist vanuit genderperspectief iets in, daar ben ik op teruggekomen. Je kan mensen ook een onderzoeksbonus geven voor hun onderwijsinspanningen. Dat zou een veel simpeler systeem zijn. Wetenschappers zijn intrinsiek gemotiveerde mensen, die hoef je helemaal niet de hele tijd te controleren, surveilleren en piepelen met <em>incentives<\/em>. Ik vind het goed als die eenzijdige, neoliberale focus verdwijnt. Het lijkt erop alsof we ons door marktwerking moeten laten leiden, alsof we winst zouden maken als we geld binnenhalen. Dat vind ik echt een exces.\u201d <\/p><p><img decoding=\"async\" class=\"foto-links wp-image-6097 alignleft\" src=\"https:\/\/recognitionrewardsmagazine.nl\/cultuurbarometer\/wp-content\/uploads\/2024\/06\/Lies-Wesseling-2.jpg\" alt=\"\" width=\"300\" height=\"185\" \/><\/p><h4><em>Moet je dan niet duidelijker stellen wat de kerntaak van de universiteit is?<\/em><\/h4><p>\u201cJa, de kerntaak van de universiteit is onderwijs en onderzoek in hun onderlinge samenhang. Daar is erg de klad in gekomen. Ik zou zeggen: laten we dan fuseren met het HBO. Als de universiteit geen onderscheidende kenmerken meer heeft, waarom richten we dan niet \u00e9\u00e9n instituut voor tertiair onderwijs in? Ik vind dat die hele terminologie van hoger en lager onderwijs verboden zou moeten worden. Die classificering speelt ons nu als samenleving enorm parten. Dan dien je gelijk de opwaardering van het beroepsonderwijs. Want dat is echt maatschappelijk zeer urgent. Zonder die mensen kan de samenleving niet draaien, kan het leven zich niet goed ontvouwen. Zo simpel is het.\u201d<\/p><h4><em>Zijn er onderdelen in het programma die je wel relevant vindt?<\/em><\/h4><p>\u201cAllereerst moet ik bekennen dat ik geen gedetailleerde kennis heb van Erkennen &amp; Waarderen. Ik snap dat je wilt hervormen, op zich een nobel streven. Maar als je onbedoeld een niet te hanteren complexiteit de wereld in helpt, is dat geen verbetering. Dat zie je op veel fronten gebeuren. Veel regelgeving is te complex om toe te passen, dat geeft ontzettend veel sociale ellende. Hoe kan je in al die complexiteit nog bezwaar aantekenen of aanmoediging bepleiten bij een bevordering of benoeming? Ik ben bang dat er straks een enorm blik HR-personeel moet worden opengetrokken om alles uit te leggen. Houd het simpel. Ik vind het ook een hele slechte zaak dat het inmiddels ge\u00efnstitutionaliseerd is dat studenten in belangrijke mate onderwijs krijgen van docenten die zelf geen tijd hebben voor onderzoek. Ook al kunnen dat voortreffelijke docenten zijn met wie studenten tevreden zijn.\u201d<\/p><h4><em>Het nieuw samengestelde UHD-profiel met onderwijsaccent van de faculteit bedrijfskunde aan de Rijksuniversiteit Groningen heeft ook onderzoeksplicht, maar die weegt minder zwaar dan die van een UHD\u2019er met focus op onderzoek.<\/em><\/h4><p>\u201cDaar kan ik inkomen. Maar er is een heel contingent van D4\u2019s -pas afgestudeerden die een docent-aanstelling voor drie jaar krijgen &#8211; zonder tijd om onderzoek te doen. Zij bedienen een groot deel van de studentenpopulatie. Op kennisniveau is er heel weinig toetsing. Het is een groot verschil of je leert timmeren van een bekwame timmerman of dat je het leert van een Youtube-filmpje of uit een boekje. Dat kwaliteitsverschil heb je hier ook. Overigens, die toenemende kloof tussen onderwijs en onderzoek heeft Erkennen &amp; Waarderen niet veroorzaakt. Het verleggen van onderzoeksgelden van de eerste naar de tweede geldstroom is daarvan de bron. NWO is hierin de belangrijkste speler geweest.\u201d <\/p>\t\t<div data-elementor-type=\"section\" data-elementor-id=\"5917\" class=\"elementor elementor-5917\" data-elementor-post-type=\"elementor_library\">\n\t\t\t\t\t<section class=\"elementor-section elementor-top-section elementor-element elementor-element-5a6cb309 quote-rechts elementor-section-boxed elementor-section-height-default elementor-section-height-default\" data-id=\"5a6cb309\" data-element_type=\"section\" data-e-type=\"section\">\n\t\t\t\t\t\t<div class=\"elementor-container elementor-column-gap-default\">\n\t\t\t\t\t<div class=\"elementor-column elementor-col-100 elementor-top-column elementor-element elementor-element-1d2e0e70\" data-id=\"1d2e0e70\" data-element_type=\"column\" data-e-type=\"column\" data-settings=\"{&quot;background_background&quot;:&quot;classic&quot;}\">\n\t\t\t<div class=\"elementor-widget-wrap elementor-element-populated\">\n\t\t\t\t\t\t<div class=\"elementor-element elementor-element-18b8ff7 elementor-widget elementor-widget-text-editor\" data-id=\"18b8ff7\" data-element_type=\"widget\" data-e-type=\"widget\" data-widget_type=\"text-editor.default\">\n\t\t\t\t<div class=\"elementor-widget-container\">\n\t\t\t\t\t\t\t\t\t<h6><em>\u201cStel jezelf de kern\u00advragen. Wil men de eenheid van onderzoek en onderwijs nog hand\u00adhaven?\u201d<\/em><\/h6>\t\t\t\t\t\t\t\t<\/div>\n\t\t\t\t<\/div>\n\t\t\t\t\t<\/div>\n\t\t<\/div>\n\t\t\t\t\t<\/div>\n\t\t<\/section>\n\t\t\t\t<\/div>\n\t\t<h4><em>Bespreek je deze zorgen intern, met collega\u2019s?<\/em><\/h4><p>\u201cNiet al te veel, wel op de momenten die ervoor georganiseerd worden. Ik vind het niet helemaal gepast om me, terwijl ik bezig ben om me terug te trekken, op dominante wijze gevraagd en ongevraagd te uiten. Bij ons is het faculteitsbestuur langsgekomen bij de diverse departementen om onze meningen te vragen. Dat was een gepaste gelegenheid om me hierover uit te laten. Ik heb mijn ervaring als hoogleraar genderstudies uit de doeken gedaan. Daar werd heel goed op gereageerd, ik heb het gevoel dat het faculteitsbestuur echt luistert. Onze decaan is een vrouw, de vice-decaan onderzoek ook. De punten die ik inbracht zijn voor hen ook zwaarwegende aspecten. Volgens mij heeft het ertoe geleid dat de diverse profielen zo gedetailleerd en helder mogelijk zijn uitgewerkt.\u201d<\/p><h4><em>Je kunt het met Erkennen &amp; Waarderen eens zijn of niet, het programma is gaande. Hoe kan de energie en het harde werk van velen wat jou betreft zo zinvol mogelijk worden ingezet?<\/em><\/h4><p>\u201cStel jezelf de kernvragen. Voor mij zijn die: wil men de eenheid van onderzoek en onderwijs nog handhaven? Zo ja, hoe voorkom je dat die eenheid verder verwatert? Licht het programma vervolgens door op factoren die de eenheid nog verder uit elkaar spelen. Of je zegt: nee, wij hechten daar niet langer aan, wij accepteren het feit dat je onderzoekers hebt en docenten en mensen die zich te sappel maken over maatschappelijke kwesties in de media. Dan zou je jezelf de kernvraag moeten stellen: wat is dan nog de toegevoegde waarde van de universiteit in het onderwijslandschap? Waarom zou je dan \u00fcberhaupt nog een aparte instelling willen zijn? Wat er op het HBO inhoudelijk gebeurt is ook niet mis hoor. Studenten studeren daar ook af op onderzoekjes die een keurig wetenschappelijk design hebben. Het enige verschil is dat ze praktijkgericht zijn. Als je van wetenschappers eist dat ze voortdurend hun onderzoek moeten valoriseren, dan verdampt ook dat onderscheid. Als derde kernvraag zou ik zeggen: heb je echt gewaarborgd dat dit gaat leiden tot een verbetering in<em> genderbalance<\/em> en een betere vertegenwoordiging van nieuwe Nederlanders. Of krijgen we dan weer dat de vrouwen in het onderwijs verdwijnen en de mannen in het onderzoek? Dat is helemaal geen denkbeeldig scenario. Op dit moment is de hang vaak dat vrouwen de zorgtaken doen en mannen scoren met publicaties in toptijdschriften. Gaat Erkennen &amp; Waarderen die spontane neiging tegenwerken of versterken?\u201d<\/p>\t\t\t\t\t\t\t\t<\/div>\n\t\t\t\t<\/div>\n\t\t\t\t<section class=\"elementor-section elementor-inner-section elementor-element elementor-element-6533dcd elementor-section-boxed elementor-section-height-default elementor-section-height-default\" data-id=\"6533dcd\" data-element_type=\"section\" data-e-type=\"section\">\n\t\t\t\t\t\t<div class=\"elementor-container elementor-column-gap-default\">\n\t\t\t\t\t<div class=\"elementor-column elementor-col-100 elementor-inner-column elementor-element elementor-element-2321029\" data-id=\"2321029\" data-element_type=\"column\" data-e-type=\"column\" data-settings=\"{&quot;background_background&quot;:&quot;classic&quot;}\">\n\t\t\t<div class=\"elementor-widget-wrap elementor-element-populated\">\n\t\t\t\t\t\t<div class=\"elementor-element elementor-element-b9c627f dw-linkenoranje elementor-widget elementor-widget-text-editor\" data-id=\"b9c627f\" data-element_type=\"widget\" data-e-type=\"widget\" data-widget_type=\"text-editor.default\">\n\t\t\t\t<div class=\"elementor-widget-container\">\n\t\t\t\t\t\t\t\t\t<p><strong>Lies Wesseling<\/strong> is hoogleraar Culturele Herinnering, Gender en Diversiteit. Ze doet onderzoek naar de culturele constructie van de kindertijd in fictie (jeugdliteratuur, romans, films) en wetenschap (ontwikkelingspsychologie, opvoedingsadvies, antropologie) tussen 1850 en 1900. Haar huidige projecten richten zich op narratieve modellen voor het smeden van verwantschap in wereldwijde adoptie. Wesseling leidde het internationale netwerk PLACIM: Platform for a Cultural history of Children&#8217;s Media en het onderzoeksprogramma Emergent Cultural Literacy: Assimilating Children&#8217;s Literature. <br \/>Ze was directeur van het Centrum voor Gender en Diversiteit, een onderzoeksinitiatief van de Faculteit der Cultuur- en Maatschappijwetenschappen. Sinds het begin van haar academische carri\u00e8re heeft Wesseling bijgedragen aan de ontwikkeling van nieuwe, interdisciplinaire kunst- en wetenschapscurricula, eerst aan de Universiteit Utrecht (Algemene Letteren) en daarna aan de Universiteit Maastricht (Cultuur- en Wetenschapsstudies). Ze heeft talloze bachelor- en masterscripties begeleid op het gebied van postkolonialisme, postmodernisme en literatuur- en wetenschapsstudies. <\/p>\t\t\t\t\t\t\t\t<\/div>\n\t\t\t\t<\/div>\n\t\t\t\t\t<\/div>\n\t\t<\/div>\n\t\t\t\t\t<\/div>\n\t\t<\/section>\n\t\t\t\t<section class=\"elementor-section elementor-inner-section elementor-element elementor-element-6ef7b0d elementor-section-boxed elementor-section-height-default elementor-section-height-default\" data-id=\"6ef7b0d\" data-element_type=\"section\" data-e-type=\"section\">\n\t\t\t\t\t\t<div class=\"elementor-container elementor-column-gap-default\">\n\t\t\t\t\t<div class=\"elementor-column elementor-col-100 elementor-inner-column elementor-element elementor-element-d2cb122\" data-id=\"d2cb122\" data-element_type=\"column\" data-e-type=\"column\" data-settings=\"{&quot;background_background&quot;:&quot;classic&quot;}\">\n\t\t\t<div class=\"elementor-widget-wrap elementor-element-populated\">\n\t\t\t\t\t\t<div class=\"elementor-element elementor-element-112ca86 elementor-widget elementor-widget-heading\" data-id=\"112ca86\" data-element_type=\"widget\" data-e-type=\"widget\" data-widget_type=\"heading.default\">\n\t\t\t\t<div class=\"elementor-widget-container\">\n\t\t\t\t\t<h3 class=\"elementor-heading-title elementor-size-default\">Opvallende uitkomsten cultuurbarometer hoogleraren\n:<\/h3>\t\t\t\t<\/div>\n\t\t\t\t<\/div>\n\t\t\t\t<div class=\"elementor-element elementor-element-b474441 dw-linkenrood elementor-widget__width-initial elementor-widget elementor-widget-text-editor\" data-id=\"b474441\" data-element_type=\"widget\" data-e-type=\"widget\" data-widget_type=\"text-editor.default\">\n\t\t\t\t<div class=\"elementor-widget-container\">\n\t\t\t\t\t\t\t\t\t<ul><li>Hoogleraren zijn oververtegenwoordigd in de respons.<\/li><li>69% van de hoogleraren is grotendeels of volledig bekend met het programma Erkennen &amp; Waarderen.<\/li><li>Binnen de functiegroep van hoogleraren en universitair (hoofd)docenten wordt meer gesproken over het programma Erkennen &amp; Waarden dan in andere functiegroepen.<\/li><li>Hoogleraren voelen zich in vergelijking met andere functiegroepen bovengemiddeld erkend en gewaardeerd voor de werkzaamheden die zij verrichten.<\/li><li>Hoogleraren geven het vaakst aan een (enigszins) positieve verandering als gevolg van Erkennen &amp; Waarderen te ervaren.<\/li><li>Hoogleraren verwachten vaker dan collega\u2019s in andere functiegroepen meer frustratie\/ergernis en werkdruk in hun werk te zullen ervaren als gevolg van het programma Erkennen &amp; Waarderen.<\/li><\/ul>\t\t\t\t\t\t\t\t<\/div>\n\t\t\t\t<\/div>\n\t\t\t\t\t<\/div>\n\t\t<\/div>\n\t\t\t\t\t<\/div>\n\t\t<\/section>\n\t\t\t\t<div class=\"elementor-element elementor-element-2d07deb elementor-widget-divider--view-line elementor-widget elementor-widget-divider\" data-id=\"2d07deb\" data-element_type=\"widget\" data-e-type=\"widget\" data-widget_type=\"divider.default\">\n\t\t\t\t<div class=\"elementor-widget-container\">\n\t\t\t\t\t\t\t<div class=\"elementor-divider\">\n\t\t\t<span class=\"elementor-divider-separator\">\n\t\t\t\t\t\t<\/span>\n\t\t<\/div>\n\t\t\t\t\t\t<\/div>\n\t\t\t\t<\/div>\n\t\t\t\t<div class=\"elementor-element elementor-element-faf6804 elementor-align-start elementor-list-item-link-full_width elementor-widget elementor-widget-icon-list\" data-id=\"faf6804\" data-element_type=\"widget\" data-e-type=\"widget\" data-widget_type=\"icon-list.default\">\n\t\t\t\t<div class=\"elementor-widget-container\">\n\t\t\t\t\t\t\t<ul class=\"elementor-icon-list-items\">\n\t\t\t\t\t\t\t<li class=\"elementor-icon-list-item\">\n\t\t\t\t\t\t\t\t\t\t\t<span class=\"elementor-icon-list-icon\">\n\t\t\t\t\t\t\t<i aria-hidden=\"true\" class=\"fas fa-pen-alt\"><\/i>\t\t\t\t\t\t<\/span>\n\t\t\t\t\t\t\t\t\t\t<span class=\"elementor-icon-list-text\">Auteur: Claartje Chajes<\/span>\n\t\t\t\t\t\t\t\t\t<\/li>\n\t\t\t\t\t\t<\/ul>\n\t\t\t\t\t\t<\/div>\n\t\t\t\t<\/div>\n\t\t\t\t<div class=\"elementor-element elementor-element-711b3d2 elementor-widget elementor-widget-spacer\" data-id=\"711b3d2\" data-element_type=\"widget\" data-e-type=\"widget\" data-widget_type=\"spacer.default\">\n\t\t\t\t<div class=\"elementor-widget-container\">\n\t\t\t\t\t\t\t<div class=\"elementor-spacer\">\n\t\t\t<div class=\"elementor-spacer-inner\"><\/div>\n\t\t<\/div>\n\t\t\t\t\t\t<\/div>\n\t\t\t\t<\/div>\n\t\t\t\t<div class=\"elementor-element elementor-element-d125338 elementor-align-center elementor-widget elementor-widget-global elementor-global-6300 elementor-widget-button\" data-id=\"d125338\" data-element_type=\"widget\" data-e-type=\"widget\" data-widget_type=\"button.default\">\n\t\t\t\t<div class=\"elementor-widget-container\">\n\t\t\t\t\t\t\t\t\t<div class=\"elementor-button-wrapper\">\n\t\t\t\t\t<a class=\"elementor-button elementor-button-link elementor-size-sm\" href=\"https:\/\/recognitionrewards.nl\/culture-barometer\/\" target=\"_blank\">\n\t\t\t\t\t\t<span class=\"elementor-button-content-wrapper\">\n\t\t\t\t\t\t<span class=\"elementor-button-icon\">\n\t\t\t\t<i aria-hidden=\"true\" class=\"fas fa-external-link-alt\"><\/i>\t\t\t<\/span>\n\t\t\t\t\t\t\t\t\t<span class=\"elementor-button-text\">Resultaten cultuurbarometer<\/span>\n\t\t\t\t\t<\/span>\n\t\t\t\t\t<\/a>\n\t\t\t\t<\/div>\n\t\t\t\t\t\t\t\t<\/div>\n\t\t\t\t<\/div>\n\t\t\t\t\t<\/div>\n\t\t<\/div>\n\t\t\t\t\t<\/div>\n\t\t<\/section>\n\t\t\t\t<section class=\"elementor-section elementor-top-section elementor-element elementor-element-7308e5b elementor-section-boxed elementor-section-height-default elementor-section-height-default\" data-id=\"7308e5b\" data-element_type=\"section\" data-e-type=\"section\">\n\t\t\t\t\t\t<div class=\"elementor-container elementor-column-gap-default\">\n\t\t\t\t\t<div class=\"elementor-column elementor-col-100 elementor-top-column elementor-element elementor-element-2dad0bf\" data-id=\"2dad0bf\" data-element_type=\"column\" data-e-type=\"column\">\n\t\t\t<div class=\"elementor-widget-wrap elementor-element-populated\">\n\t\t\t\t\t\t<div class=\"elementor-element elementor-element-bae001c elementor-widget elementor-widget-spacer\" data-id=\"bae001c\" data-element_type=\"widget\" data-e-type=\"widget\" data-widget_type=\"spacer.default\">\n\t\t\t\t<div class=\"elementor-widget-container\">\n\t\t\t\t\t\t\t<div class=\"elementor-spacer\">\n\t\t\t<div class=\"elementor-spacer-inner\"><\/div>\n\t\t<\/div>\n\t\t\t\t\t\t<\/div>\n\t\t\t\t<\/div>\n\t\t\t\t\t<\/div>\n\t\t<\/div>\n\t\t\t\t\t<\/div>\n\t\t<\/section>\n\t\t\t\t<\/div>\n\t\t","protected":false},"excerpt":{"rendered":"<p>Lies Wesseling maakt zich zorgen over Erkennen &#038; Waarderen als vat vol ambivalenties.<\/p>\n","protected":false},"author":1,"featured_media":6260,"parent":0,"menu_order":90,"comment_status":"closed","ping_status":"closed","template":"elementor_header_footer","meta":{"inline_featured_image":false,"footnotes":""},"class_list":["post-5296","page","type-page","status-publish","has-post-thumbnail","hentry"],"yoast_head":"<!-- This site is optimized with the Yoast SEO plugin v27.5 - https:\/\/yoast.com\/product\/yoast-seo-wordpress\/ -->\n<title>\u201cWe komen alleen verder met kraak&shy;heldere criteria\u201d - Lies Wesseling - Erkennen &amp; Waarderen<\/title>\n<meta name=\"robots\" content=\"index, follow, max-snippet:-1, max-image-preview:large, max-video-preview:-1\" \/>\n<link rel=\"canonical\" href=\"https:\/\/recognitionrewardsmagazine.nl\/cultuurbarometer\/we-komen-alleen-verder-met-kraakheldere-criteria-lies-wesseling\/\" \/>\n<meta property=\"og:locale\" content=\"nl_NL\" \/>\n<meta property=\"og:type\" content=\"article\" \/>\n<meta property=\"og:title\" content=\"\u201cWe komen alleen verder met kraak&shy;heldere criteria\u201d - Lies Wesseling - Erkennen &amp; Waarderen\" \/>\n<meta property=\"og:description\" content=\"Lies Wesseling maakt zich zorgen over Erkennen &amp; Waarderen als vat vol ambivalenties.\" \/>\n<meta property=\"og:url\" content=\"https:\/\/recognitionrewardsmagazine.nl\/cultuurbarometer\/we-komen-alleen-verder-met-kraakheldere-criteria-lies-wesseling\/\" \/>\n<meta property=\"og:site_name\" content=\"Erkennen &amp; Waarderen\" \/>\n<meta property=\"article:modified_time\" content=\"2024-06-17T19:00:21+00:00\" \/>\n<meta property=\"og:image\" content=\"https:\/\/recognitionrewardsmagazine.nl\/cultuurbarometer\/wp-content\/uploads\/2024\/06\/Lies-inhoud.jpg\" \/>\n\t<meta property=\"og:image:width\" content=\"600\" \/>\n\t<meta property=\"og:image:height\" content=\"400\" \/>\n\t<meta property=\"og:image:type\" content=\"image\/jpeg\" \/>\n<meta name=\"twitter:card\" content=\"summary_large_image\" \/>\n<meta name=\"twitter:label1\" content=\"Geschatte leestijd\" \/>\n\t<meta name=\"twitter:data1\" content=\"11 minuten\" \/>\n<script type=\"application\/ld+json\" class=\"yoast-schema-graph\">{\"@context\":\"https:\\\/\\\/schema.org\",\"@graph\":[{\"@type\":\"WebPage\",\"@id\":\"https:\\\/\\\/recognitionrewardsmagazine.nl\\\/cultuurbarometer\\\/we-komen-alleen-verder-met-kraakheldere-criteria-lies-wesseling\\\/\",\"url\":\"https:\\\/\\\/recognitionrewardsmagazine.nl\\\/cultuurbarometer\\\/we-komen-alleen-verder-met-kraakheldere-criteria-lies-wesseling\\\/\",\"name\":\"\u201cWe komen alleen verder met kraak&shy;heldere criteria\u201d - Lies Wesseling - Erkennen &amp; Waarderen\",\"isPartOf\":{\"@id\":\"https:\\\/\\\/recognitionrewardsmagazine.nl\\\/cultuurbarometer\\\/#website\"},\"primaryImageOfPage\":{\"@id\":\"https:\\\/\\\/recognitionrewardsmagazine.nl\\\/cultuurbarometer\\\/we-komen-alleen-verder-met-kraakheldere-criteria-lies-wesseling\\\/#primaryimage\"},\"image\":{\"@id\":\"https:\\\/\\\/recognitionrewardsmagazine.nl\\\/cultuurbarometer\\\/we-komen-alleen-verder-met-kraakheldere-criteria-lies-wesseling\\\/#primaryimage\"},\"thumbnailUrl\":\"https:\\\/\\\/recognitionrewardsmagazine.nl\\\/cultuurbarometer\\\/wp-content\\\/uploads\\\/2024\\\/06\\\/Lies-inhoud.jpg\",\"datePublished\":\"2024-05-09T09:02:08+00:00\",\"dateModified\":\"2024-06-17T19:00:21+00:00\",\"breadcrumb\":{\"@id\":\"https:\\\/\\\/recognitionrewardsmagazine.nl\\\/cultuurbarometer\\\/we-komen-alleen-verder-met-kraakheldere-criteria-lies-wesseling\\\/#breadcrumb\"},\"inLanguage\":\"nl-NL\",\"potentialAction\":[{\"@type\":\"ReadAction\",\"target\":[\"https:\\\/\\\/recognitionrewardsmagazine.nl\\\/cultuurbarometer\\\/we-komen-alleen-verder-met-kraakheldere-criteria-lies-wesseling\\\/\"]}]},{\"@type\":\"ImageObject\",\"inLanguage\":\"nl-NL\",\"@id\":\"https:\\\/\\\/recognitionrewardsmagazine.nl\\\/cultuurbarometer\\\/we-komen-alleen-verder-met-kraakheldere-criteria-lies-wesseling\\\/#primaryimage\",\"url\":\"https:\\\/\\\/recognitionrewardsmagazine.nl\\\/cultuurbarometer\\\/wp-content\\\/uploads\\\/2024\\\/06\\\/Lies-inhoud.jpg\",\"contentUrl\":\"https:\\\/\\\/recognitionrewardsmagazine.nl\\\/cultuurbarometer\\\/wp-content\\\/uploads\\\/2024\\\/06\\\/Lies-inhoud.jpg\",\"width\":600,\"height\":400},{\"@type\":\"BreadcrumbList\",\"@id\":\"https:\\\/\\\/recognitionrewardsmagazine.nl\\\/cultuurbarometer\\\/we-komen-alleen-verder-met-kraakheldere-criteria-lies-wesseling\\\/#breadcrumb\",\"itemListElement\":[{\"@type\":\"ListItem\",\"position\":1,\"name\":\"Home\",\"item\":\"https:\\\/\\\/recognitionrewardsmagazine.nl\\\/cultuurbarometer\\\/\"},{\"@type\":\"ListItem\",\"position\":2,\"name\":\"\u201cWe komen alleen verder met kraak&shy;heldere criteria\u201d &#8211; Lies Wesseling\"}]},{\"@type\":\"WebSite\",\"@id\":\"https:\\\/\\\/recognitionrewardsmagazine.nl\\\/cultuurbarometer\\\/#website\",\"url\":\"https:\\\/\\\/recognitionrewardsmagazine.nl\\\/cultuurbarometer\\\/\",\"name\":\"Erkennen &amp; Waarderen\",\"description\":\"Cultuurbarometer\",\"potentialAction\":[{\"@type\":\"SearchAction\",\"target\":{\"@type\":\"EntryPoint\",\"urlTemplate\":\"https:\\\/\\\/recognitionrewardsmagazine.nl\\\/cultuurbarometer\\\/?s={search_term_string}\"},\"query-input\":{\"@type\":\"PropertyValueSpecification\",\"valueRequired\":true,\"valueName\":\"search_term_string\"}}],\"inLanguage\":\"nl-NL\"}]}<\/script>\n<!-- \/ Yoast SEO plugin. -->","yoast_head_json":{"title":"\u201cWe komen alleen verder met kraak&shy;heldere criteria\u201d - Lies Wesseling - Erkennen &amp; Waarderen","robots":{"index":"index","follow":"follow","max-snippet":"max-snippet:-1","max-image-preview":"max-image-preview:large","max-video-preview":"max-video-preview:-1"},"canonical":"https:\/\/recognitionrewardsmagazine.nl\/cultuurbarometer\/we-komen-alleen-verder-met-kraakheldere-criteria-lies-wesseling\/","og_locale":"nl_NL","og_type":"article","og_title":"\u201cWe komen alleen verder met kraak&shy;heldere criteria\u201d - Lies Wesseling - Erkennen &amp; Waarderen","og_description":"Lies Wesseling maakt zich zorgen over Erkennen & Waarderen als vat vol ambivalenties.","og_url":"https:\/\/recognitionrewardsmagazine.nl\/cultuurbarometer\/we-komen-alleen-verder-met-kraakheldere-criteria-lies-wesseling\/","og_site_name":"Erkennen &amp; Waarderen","article_modified_time":"2024-06-17T19:00:21+00:00","og_image":[{"width":600,"height":400,"url":"https:\/\/recognitionrewardsmagazine.nl\/cultuurbarometer\/wp-content\/uploads\/2024\/06\/Lies-inhoud.jpg","type":"image\/jpeg"}],"twitter_card":"summary_large_image","twitter_misc":{"Geschatte leestijd":"11 minuten"},"schema":{"@context":"https:\/\/schema.org","@graph":[{"@type":"WebPage","@id":"https:\/\/recognitionrewardsmagazine.nl\/cultuurbarometer\/we-komen-alleen-verder-met-kraakheldere-criteria-lies-wesseling\/","url":"https:\/\/recognitionrewardsmagazine.nl\/cultuurbarometer\/we-komen-alleen-verder-met-kraakheldere-criteria-lies-wesseling\/","name":"\u201cWe komen alleen verder met kraak&shy;heldere criteria\u201d - Lies Wesseling - Erkennen &amp; Waarderen","isPartOf":{"@id":"https:\/\/recognitionrewardsmagazine.nl\/cultuurbarometer\/#website"},"primaryImageOfPage":{"@id":"https:\/\/recognitionrewardsmagazine.nl\/cultuurbarometer\/we-komen-alleen-verder-met-kraakheldere-criteria-lies-wesseling\/#primaryimage"},"image":{"@id":"https:\/\/recognitionrewardsmagazine.nl\/cultuurbarometer\/we-komen-alleen-verder-met-kraakheldere-criteria-lies-wesseling\/#primaryimage"},"thumbnailUrl":"https:\/\/recognitionrewardsmagazine.nl\/cultuurbarometer\/wp-content\/uploads\/2024\/06\/Lies-inhoud.jpg","datePublished":"2024-05-09T09:02:08+00:00","dateModified":"2024-06-17T19:00:21+00:00","breadcrumb":{"@id":"https:\/\/recognitionrewardsmagazine.nl\/cultuurbarometer\/we-komen-alleen-verder-met-kraakheldere-criteria-lies-wesseling\/#breadcrumb"},"inLanguage":"nl-NL","potentialAction":[{"@type":"ReadAction","target":["https:\/\/recognitionrewardsmagazine.nl\/cultuurbarometer\/we-komen-alleen-verder-met-kraakheldere-criteria-lies-wesseling\/"]}]},{"@type":"ImageObject","inLanguage":"nl-NL","@id":"https:\/\/recognitionrewardsmagazine.nl\/cultuurbarometer\/we-komen-alleen-verder-met-kraakheldere-criteria-lies-wesseling\/#primaryimage","url":"https:\/\/recognitionrewardsmagazine.nl\/cultuurbarometer\/wp-content\/uploads\/2024\/06\/Lies-inhoud.jpg","contentUrl":"https:\/\/recognitionrewardsmagazine.nl\/cultuurbarometer\/wp-content\/uploads\/2024\/06\/Lies-inhoud.jpg","width":600,"height":400},{"@type":"BreadcrumbList","@id":"https:\/\/recognitionrewardsmagazine.nl\/cultuurbarometer\/we-komen-alleen-verder-met-kraakheldere-criteria-lies-wesseling\/#breadcrumb","itemListElement":[{"@type":"ListItem","position":1,"name":"Home","item":"https:\/\/recognitionrewardsmagazine.nl\/cultuurbarometer\/"},{"@type":"ListItem","position":2,"name":"\u201cWe komen alleen verder met kraak&shy;heldere criteria\u201d &#8211; Lies Wesseling"}]},{"@type":"WebSite","@id":"https:\/\/recognitionrewardsmagazine.nl\/cultuurbarometer\/#website","url":"https:\/\/recognitionrewardsmagazine.nl\/cultuurbarometer\/","name":"Erkennen &amp; Waarderen","description":"Cultuurbarometer","potentialAction":[{"@type":"SearchAction","target":{"@type":"EntryPoint","urlTemplate":"https:\/\/recognitionrewardsmagazine.nl\/cultuurbarometer\/?s={search_term_string}"},"query-input":{"@type":"PropertyValueSpecification","valueRequired":true,"valueName":"search_term_string"}}],"inLanguage":"nl-NL"}]}},"_links":{"self":[{"href":"https:\/\/recognitionrewardsmagazine.nl\/cultuurbarometer\/wp-json\/wp\/v2\/pages\/5296","targetHints":{"allow":["GET"]}}],"collection":[{"href":"https:\/\/recognitionrewardsmagazine.nl\/cultuurbarometer\/wp-json\/wp\/v2\/pages"}],"about":[{"href":"https:\/\/recognitionrewardsmagazine.nl\/cultuurbarometer\/wp-json\/wp\/v2\/types\/page"}],"author":[{"embeddable":true,"href":"https:\/\/recognitionrewardsmagazine.nl\/cultuurbarometer\/wp-json\/wp\/v2\/users\/1"}],"replies":[{"embeddable":true,"href":"https:\/\/recognitionrewardsmagazine.nl\/cultuurbarometer\/wp-json\/wp\/v2\/comments?post=5296"}],"version-history":[{"count":134,"href":"https:\/\/recognitionrewardsmagazine.nl\/cultuurbarometer\/wp-json\/wp\/v2\/pages\/5296\/revisions"}],"predecessor-version":[{"id":6991,"href":"https:\/\/recognitionrewardsmagazine.nl\/cultuurbarometer\/wp-json\/wp\/v2\/pages\/5296\/revisions\/6991"}],"wp:featuredmedia":[{"embeddable":true,"href":"https:\/\/recognitionrewardsmagazine.nl\/cultuurbarometer\/wp-json\/wp\/v2\/media\/6260"}],"wp:attachment":[{"href":"https:\/\/recognitionrewardsmagazine.nl\/cultuurbarometer\/wp-json\/wp\/v2\/media?parent=5296"}],"curies":[{"name":"wp","href":"https:\/\/api.w.org\/{rel}","templated":true}]}}